{"id":83,"date":"2025-08-01T21:21:19","date_gmt":"2025-08-01T19:21:19","guid":{"rendered":"http:\/\/localhost:8080\/?page_id=83"},"modified":"2025-08-02T16:46:56","modified_gmt":"2025-08-02T14:46:56","slug":"qui-sommes-nous","status":"publish","type":"page","link":"https:\/\/la-traction-de-provence.fr\/?page_id=83","title":{"rendered":"Qui sommes-nous ?"},"content":{"rendered":"\n<p>Il \u00e9tait une fois en 1975, un petit mot sur le pare-brise d\u2019une Traction. <br>Il \u00e9tait une fois 3 passionn\u00e9s poss\u00e9dant une Traction dont les chemins se sont crois\u00e9s. De cette rencontre et de leurs difficult\u00e9s \u00e0 restaurer leur automobile est n\u00e9e notre Club, LA TRACTION DE PROVENCE.<br><\/p>\n\n\n\n<p>Quelques d\u00e9cennies plus tard le cercle d\u2019amis s\u2019est agrandi et depuis plus de 40 ans, notre association, loi 1901, vit en totale autonomie&nbsp;; le sens du b\u00e9n\u00e9volat de ses membres en permet le sain et le bon fonctionnement.<br><\/p>\n\n\n\n<p>Nous proposons un service \u00ab&nbsp;pi\u00e8ces d\u00e9tach\u00e9es&nbsp;\u00bb avec conseils et documentations, notre biblioth\u00e8que et nos archives sont riches. <\/p>\n\n\n\n<p>De l\u2019outillage \u00ab&nbsp;sp\u00e9cial Traction&nbsp;\u00bb est mis gracieusement \u00e0 la disposition de nos adh\u00e9rents.<br>Nous aimons rouler, nous promener avec nos Tractions, aussi nous organisons mensuellement des sorties dominicales et parfois m\u00eame sur plusieurs jours.<br><\/p>\n\n\n\n<p>Notre bulletin mensuel \u00ab&nbsp;La Lettre Du Club&nbsp;\u00bb nous offre \u00e9galement le plaisir de revivre l\u2019amiti\u00e9 et la convivialit\u00e9 qui r\u00e8gnent ces jours l\u00e0 \u2026\u2026<\/p>\n\n\n\n<div class=\"wp-block-columns is-layout-flex wp-container-core-columns-is-layout-28f84493 wp-block-columns-is-layout-flex\">\n<div class=\"wp-block-column is-layout-flow wp-block-column-is-layout-flow\" style=\"flex-basis:100%\">\n<div class=\"wp-block-columns is-layout-flex wp-container-core-columns-is-layout-28f84493 wp-block-columns-is-layout-flex\">\n<div class=\"wp-block-column is-layout-flow wp-block-column-is-layout-flow\">\n<p>Voila en quelques mots la description de la vie de notre association alors si vous \u00eates un passionn\u00e9, si vous poss\u00e9dez cette mythique automobile qu\u2019est la Traction, si vous souhaitez simplement mieux nous conna\u00eetre, vous serez accueillis avec bonheur et bonne humeur.<\/p>\n<\/div>\n\n\n\n<div class=\"wp-block-column is-layout-flow wp-block-column-is-layout-flow\">\n<figure class=\"wp-block-image aligncenter size-full has-custom-border\"><img loading=\"lazy\" decoding=\"async\" width=\"387\" height=\"388\" src=\"https:\/\/la-traction-de-provence.fr\/wp-content\/uploads\/2025\/08\/arton53.jpg\" alt=\"\" class=\"has-border-color has-palette-color-1-border-color wp-image-182\" srcset=\"https:\/\/la-traction-de-provence.fr\/wp-content\/uploads\/2025\/08\/arton53.jpg 387w, https:\/\/la-traction-de-provence.fr\/wp-content\/uploads\/2025\/08\/arton53-300x300.jpg 300w, https:\/\/la-traction-de-provence.fr\/wp-content\/uploads\/2025\/08\/arton53-150x150.jpg 150w\" sizes=\"auto, (max-width: 387px) 100vw, 387px\" \/><\/figure>\n<\/div>\n<\/div>\n<\/div>\n<\/div>\n\n\n\n<p><\/p>\n","protected":false},"excerpt":{"rendered":"<p>Il \u00e9tait une fois en 1975, un petit mot sur le pare-brise d\u2019une Traction. Il \u00e9tait une fois 3 passionn\u00e9s poss\u00e9dant une Traction dont les chemins se sont crois\u00e9s. De cette rencontre et de leurs difficult\u00e9s \u00e0 restaurer leur automobile est n\u00e9e notre Club, LA TRACTION DE PROVENCE. Quelques d\u00e9cennies plus tard le cercle d\u2019amis [&hellip;]<\/p>\n","protected":false},"author":1,"featured_media":182,"parent":0,"menu_order":0,"comment_status":"closed","ping_status":"closed","template":"","meta":{"footnotes":""},"class_list":["post-83","page","type-page","status-publish","has-post-thumbnail","hentry"],"blocksy_meta":[],"_links":{"self":[{"href":"https:\/\/la-traction-de-provence.fr\/index.php?rest_route=\/wp\/v2\/pages\/83","targetHints":{"allow":["GET"]}}],"collection":[{"href":"https:\/\/la-traction-de-provence.fr\/index.php?rest_route=\/wp\/v2\/pages"}],"about":[{"href":"https:\/\/la-traction-de-provence.fr\/index.php?rest_route=\/wp\/v2\/types\/page"}],"author":[{"embeddable":true,"href":"https:\/\/la-traction-de-provence.fr\/index.php?rest_route=\/wp\/v2\/users\/1"}],"replies":[{"embeddable":true,"href":"https:\/\/la-traction-de-provence.fr\/index.php?rest_route=%2Fwp%2Fv2%2Fcomments&post=83"}],"version-history":[{"count":4,"href":"https:\/\/la-traction-de-provence.fr\/index.php?rest_route=\/wp\/v2\/pages\/83\/revisions"}],"predecessor-version":[{"id":183,"href":"https:\/\/la-traction-de-provence.fr\/index.php?rest_route=\/wp\/v2\/pages\/83\/revisions\/183"}],"wp:featuredmedia":[{"embeddable":true,"href":"https:\/\/la-traction-de-provence.fr\/index.php?rest_route=\/wp\/v2\/media\/182"}],"wp:attachment":[{"href":"https:\/\/la-traction-de-provence.fr\/index.php?rest_route=%2Fwp%2Fv2%2Fmedia&parent=83"}],"curies":[{"name":"wp","href":"https:\/\/api.w.org\/{rel}","templated":true}]}}